{"id":2382,"date":"2021-12-18T00:11:52","date_gmt":"2021-12-18T00:11:52","guid":{"rendered":"https:\/\/www.maisonmr.com\/consequences-de-la-violence-chez-les-femmes-et-les-enfants\/"},"modified":"2022-04-22T01:56:03","modified_gmt":"2022-04-22T01:56:03","slug":"consequences-de-la-violence-chez-les-femmes-et-les-enfants","status":"publish","type":"page","link":"https:\/\/www.maisonmr.com\/es\/consequences-de-la-violence-chez-les-femmes-et-les-enfants\/","title":{"rendered":"Consecuencias de la violencia para las mujeres y los ni\u00f1os"},"content":{"rendered":"<p>[vc_row][vc_column][vc_column_text]<span style=\"font-weight: 400;\">Con el tiempo, la violencia causa estragos en la salud f\u00edsica y psicol\u00f3gica de la persona. Puesto que <\/span><b>las consecuencias son numerosas y variadas<\/b><span style=\"font-weight: 400;\">, a menudo es dif\u00edcil relacionar directamente el sufrimiento de la v\u00edctima con la violencia a la que est\u00e1 sometida. <\/span><b>Una persona v\u00edctima de violencia presenta reacciones normales a una situaci\u00f3n anormal.<\/b><\/p>\n<p>&nbsp;<\/p>\n<p>Para obtener mayor informaci\u00f3n, consulte <b><a href=\"https:\/\/sosviolenceconjugale.ca\/en\/tools\/sos-infos\/9-consequences-of-intimate-partner-violence\" target=\"_blank\" rel=\"noopener\">SOS violence conjugale (art\u00edculo en ingl\u00e9s)<\/a><\/b><\/p>\n<p>&nbsp;<\/p>\n<p>&nbsp;<\/p>\n<p><span style=\"font-weight: 400;\">Adem\u00e1s de las lesiones f\u00edsicas producto de una agresi\u00f3n, la violencia tambi\u00e9n tiene efectos indirectos sobre la salud f\u00edsica de las v\u00edctimas. La somatizaci\u00f3n debida al estr\u00e9s constante, el s\u00edndrome de dolor cr\u00f3nico, los problemas gastrointestinales, la disminuci\u00f3n de las funciones f\u00edsicas y un estado de salud general deteriorado que puede provocar la discapacidad o la muerte.<\/span><\/p>\n<p>&nbsp;<\/p>\n<p><span style=\"font-weight: 400;\">Sucede lo mismo con la salud psicol\u00f3gica. La violencia afecta enormemente la salud mental de las v\u00edctimas y, en ocasiones, resulta dif\u00edcil para los profesionales de la salud asociar los s\u00edntomas con la situaci\u00f3n real que viven dichas personas. Los sentimientos de verg\u00fcenza, de culpabilidad y una baja autoestima pueden conducir a distintos estados:<\/span><\/p>\n<p>&nbsp;<\/p>\n<ul>\n<li style=\"font-weight: 400;\" aria-level=\"1\"><span style=\"font-weight: 400;\">Depresi\u00f3n<\/span><\/li>\n<li style=\"font-weight: 400;\" aria-level=\"1\"><span style=\"font-weight: 400;\">Trastornos de ansiedad<\/span><\/li>\n<li style=\"font-weight: 400;\" aria-level=\"1\"><span style=\"font-weight: 400;\">Trastornos alimentarios<\/span><\/li>\n<li style=\"font-weight: 400;\" aria-level=\"1\"><span style=\"font-weight: 400;\">Trastornos psicosom\u00e1ticos<\/span><\/li>\n<li style=\"font-weight: 400;\" aria-level=\"1\"><span style=\"font-weight: 400;\">Trastornos del sue\u00f1o<\/span><\/li>\n<li style=\"font-weight: 400;\" aria-level=\"1\"><span style=\"font-weight: 400;\">Abuso de narc\u00f3ticos<\/span><\/li>\n<li style=\"font-weight: 400;\" aria-level=\"1\"><span style=\"font-weight: 400;\">Automutilaci\u00f3n<\/span><\/li>\n<li style=\"font-weight: 400;\" aria-level=\"1\"><span style=\"font-weight: 400;\">Pensamientos suicidas e intentos de suicidio<\/span><\/li>\n<li style=\"font-weight: 400;\" aria-level=\"1\"><span style=\"font-weight: 400;\">Trastorno de estr\u00e9s postraum\u00e1tico<\/span><\/li>\n<\/ul>\n<p>&nbsp;<\/p>\n<p><span style=\"font-weight: 400;\">Diversas investigaciones han demostrado tambi\u00e9n que la violencia afecta la vida sexual y el per\u00edodo de gestaci\u00f3n de las mujeres v\u00edctimas, lo que pone en riesgo tanto a la madre como al feto. Esta situaci\u00f3n puede tener tambi\u00e9n consecuencias como:<\/span><\/p>\n<p>&nbsp;<\/p>\n<ul>\n<li style=\"font-weight: 400;\" aria-level=\"1\"><span style=\"font-weight: 400;\">Comportamiento sexual riesgoso<\/span><\/li>\n<li style=\"font-weight: 400;\" aria-level=\"1\"><span style=\"font-weight: 400;\">Enfermedades de transmisi\u00f3n sexual o sangu\u00ednea<\/span><\/li>\n<li style=\"font-weight: 400;\" aria-level=\"1\"><span style=\"font-weight: 400;\">Complicaciones durante el embarazo<\/span><\/li>\n<li style=\"font-weight: 400;\" aria-level=\"1\"><span style=\"font-weight: 400;\">Embarazo no deseado o aborto forzado<\/span><\/li>\n<li style=\"font-weight: 400;\" aria-level=\"1\"><span style=\"font-weight: 400;\">Aborto espont\u00e1neo o parto prematuro<\/span><\/li>\n<li style=\"font-weight: 400;\" aria-level=\"1\"><span style=\"font-weight: 400;\">Depresi\u00f3n posparto<\/span><\/li>\n<li style=\"font-weight: 400;\" aria-level=\"1\"><span style=\"font-weight: 400;\">Disfunciones sexuales<\/span><\/li>\n<li style=\"font-weight: 400;\" aria-level=\"1\"><span style=\"font-weight: 400;\">Trastornos ginecol\u00f3gicos<\/span><\/li>\n<\/ul>\n<p>&nbsp;<\/p>\n<h2><span style=\"font-weight: 400;\">Ni\u00f1os expuestos a la violencia<\/span><\/h2>\n<p>&nbsp;<\/p>\n<p><span style=\"font-weight: 400;\">Los ni\u00f1os que han sido v\u00edctimas de la violencia o han estado expuestos a ella viven las consecuencias a distintos niveles. En general, viven con miedo, ansiedad y sentimiento de impotencia.\u00a0<\/span>[\/vc_column_text][vc_empty_space height=\u00bb18px\u00bb][vc_tta_accordion active_section=\u00bb0&#8243; collapsible_all=\u00bbtrue\u00bb][vc_tta_section title=\u00bbBeb\u00e9\u00bb tab_id=\u00bb1650592185263-542f8c42-02cb\u00bb][vc_column_text]<span style=\"font-weight: 400;\">Retraso de peso legal\u00a0<\/span><\/p>\n<p><span style=\"font-weight: 400;\">Falta de atenci\u00f3n\u00a0<\/span><\/p>\n<p><span style=\"font-weight: 400;\">Interrupci\u00f3n del sue\u00f1o y los h\u00e1bitos alimenticios\u00a0<\/span><\/p>\n<p><span style=\"font-weight: 400;\">Retrasos\u00a0<\/span><\/p>\n<p><span style=\"font-weight: 400;\">Manifestaciones de regresi\u00f3n\u00a0<\/span><\/p>\n<p><span style=\"font-weight: 400;\">Achaparramiento<\/span>[\/vc_column_text][\/vc_tta_section][vc_tta_section title=\u00bbNi\u00f1os de 2 a 4 a\u00f1os\u00bb tab_id=\u00bb1649703146793-05e7b1d7-8bfc\u00bb][vc_column_text]Comportamientos agresivos<\/p>\n<p>Ansiedad<\/p>\n<p>Miedos, terrores<\/p>\n<p>Trastorno de\u00a0\u00a0estr\u00e9s postraum\u00e1tico (TEPT)<\/p>\n<p>Dependencia\u00a0excesiva de la madre<\/p>\n<p>Pesadillas<\/p>\n<p>Deficiencia en las\u00a0habilidades verbales,\u00a0intelectuales y\u00a0motoras<\/p>\n<p>Agresividad, irritabilidad<\/p>\n<p>Quejas som\u00e1ticas<\/p>\n<p>Baja autoestima y falta de confianza en s\u00ed mismos[\/vc_column_text][\/vc_tta_section][vc_tta_section title=\u00bbNi\u00f1os de 5 a 12 a\u00f1os\u00bb tab_id=\u00bb1649703146800-83fa5c77-7b1f\u00bb][vc_column_text]Agresividad con los\u00a0amigos, hermanos o\u00a0familiares<\/p>\n<p>S\u00edntomas de TEPT<\/p>\n<p>Malos resultados\u00a0\u00a0escolares<\/p>\n<p>Ansiedad<\/p>\n<p>Creencias\u00a0\u00a0estereotipadas<\/p>\n<p>Confusi\u00f3n y\u00a0ambivalencia<\/p>\n<p>Conflictos de lealtad<\/p>\n<p>Sensaci\u00f3n de ser\u00a0responsables de la\u00a0violencia y de tener que\u00a0reaccionar.<\/p>\n<p>Miedos y terrores<\/p>\n<p>Problemas de aprendizaje escolar<\/p>\n<p>Dificultad de concentraci\u00f3n<\/p>\n<p>Racionalizaci\u00f3n y explicaci\u00f3n de la violencia como algo natural[\/vc_column_text][\/vc_tta_section][vc_tta_section title=\u00bbAdolescentes de 12 a 18 a\u00f1os\u00bb tab_id=\u00bb1649703174858-527b8ce4-0d67&#8243;][vc_column_text]Violencia en las\u00a0relaciones de pareja<\/p>\n<p>Falta de autoestima<\/p>\n<p>S\u00edntomas de TEPT<\/p>\n<p>Consumo\u00a0de alcohol o de\u00a0drogas<\/p>\n<p>Fuga<\/p>\n<p>Abandono escolar<\/p>\n<p>Pensamientos suicidas,<\/p>\n<p>intentos de suicido<\/p>\n<p>Tristeza<\/p>\n<p>Depresi\u00f3n<\/p>\n<p>Delincuencia<\/p>\n<p>Tendencia a burlarse\u00a0de los\u00a0sentimientos<\/p>\n<p>Comportamiento\u00a0seductor,\u00a0manipulador o de oposici\u00f3n[\/vc_column_text][\/vc_tta_section][\/vc_tta_accordion][vc_empty_space height=\u00bb18px\u00bb][vc_column_text]<b>\u00bfTDAH o TEPT?<\/b><\/p>\n<p>&nbsp;<\/p>\n<p><span style=\"font-weight: 400;\">Los ni\u00f1os expuestos a la violencia a veces reciben err\u00f3neamente un diagn\u00f3stico de trastorno por d\u00e9ficit de atenci\u00f3n con hiperactividad (TDAH), mientras que, si se tiene conocimiento de la violencia, el diagn\u00f3stico puede ser trastorno de estr\u00e9s postraum\u00e1tico (TEPT). En efecto, rara vez se verifica la existencia de violencia intrafamiliar, lo cual dificulta detectar la verdadera causa de los s\u00edntomas. Podr\u00edan ser considerados candidatos id\u00f3neos para un tratamiento de Ritalin. Muchos s\u00edntomas son comunes al TDAH y al TEPT: dificultad de concentraci\u00f3n, problemas por falta de atenci\u00f3n, distracci\u00f3n en las tareas cotidianas, irritabilidad, comportamientos perturbadores, etc.<\/span><\/p>\n<p>&nbsp;<\/p>\n<h2><span style=\"font-weight: 400;\">Recopilar el testimonio de los ni\u00f1os\u00a0<\/span><\/h2>\n<p>&nbsp;<\/p>\n<p><span style=\"font-weight: 400;\">Es necesario ofrecer un espacio seguro en el que se escuche sin juzgar. Es importante no prometer al ni\u00f1o guardar el secreto con tal de obtener informaci\u00f3n. Debe escuchar al ni\u00f1o y, si considera que est\u00e1 en una situaci\u00f3n comprometida, no dude en comunicarse con un refugio para obtener apoyo y consejo. Tambi\u00e9n puede comunicarse con la DPJ (Direcci\u00f3n para la Protecci\u00f3n de la Juventud).\u00a0<\/span><\/p>\n<p>&nbsp;<\/p>\n<p><span style=\"font-weight: 400;\">Fuente<\/span><b>:<\/b><\/p>\n<p><b>Las m\u00faltiples facetas de la violencia: de la sensibilizaci\u00f3n a la intervenci\u00f3n en Mir\u00e9pi maison d&#8217;h\u00e9bergement inc.<\/b>[\/vc_column_text][\/vc_column][\/vc_row]<\/p>\n","protected":false},"excerpt":{"rendered":"<p>[vc_row][vc_column][vc_column_text]Con el tiempo, la violencia causa estragos en la salud f\u00edsica y psicol\u00f3gica de la persona. Puesto que las consecuencias son numerosas y variadas, a menudo es dif\u00edcil relacionar directamente el sufrimiento de la v\u00edctima con la violencia a la que est\u00e1 sometida. Una persona v\u00edctima de violencia presenta reacciones normales a una situaci\u00f3n anormal. [&hellip;]<\/p>\n","protected":false},"author":1,"featured_media":0,"parent":0,"menu_order":0,"comment_status":"closed","ping_status":"closed","template":"","meta":{"footnotes":""},"class_list":["post-2382","page","type-page","status-publish","hentry"],"yoast_head":"<!-- This site is optimized with the Yoast SEO plugin v27.5 - https:\/\/yoast.com\/product\/yoast-seo-wordpress\/ -->\n<title>Consecuencias de la violencia para las mujeres y los ni\u00f1os - Maison Marie-Rollet<\/title>\n<meta name=\"description\" content=\"La Maison Marie-Rollet est un centre d\u2019h\u00e9bergement pour les femmes violent\u00e9es ainsi que pour les enfants dont elles ont la garde.\" \/>\n<meta name=\"robots\" content=\"index, follow, max-snippet:-1, max-image-preview:large, max-video-preview:-1\" \/>\n<link rel=\"canonical\" href=\"https:\/\/www.maisonmr.com\/es\/consequences-de-la-violence-chez-les-femmes-et-les-enfants\/\" \/>\n<meta property=\"og:locale\" content=\"es_ES\" \/>\n<meta property=\"og:type\" content=\"article\" \/>\n<meta property=\"og:title\" content=\"Consecuencias de la violencia para las mujeres y los ni\u00f1os - Maison Marie-Rollet\" \/>\n<meta property=\"og:description\" content=\"La Maison Marie-Rollet est un centre d\u2019h\u00e9bergement pour les femmes violent\u00e9es ainsi que pour les enfants dont elles ont la garde.\" \/>\n<meta property=\"og:url\" content=\"https:\/\/www.maisonmr.com\/es\/consequences-de-la-violence-chez-les-femmes-et-les-enfants\/\" \/>\n<meta property=\"og:site_name\" content=\"Maison Marie-Rollet\" \/>\n<meta property=\"article:modified_time\" content=\"2022-04-22T01:56:03+00:00\" \/>\n<meta name=\"twitter:card\" content=\"summary_large_image\" \/>\n<meta name=\"twitter:label1\" content=\"Tiempo de lectura\" \/>\n\t<meta name=\"twitter:data1\" content=\"4 minutos\" \/>\n<script type=\"application\/ld+json\" class=\"yoast-schema-graph\">{\"@context\":\"https:\\\/\\\/schema.org\",\"@graph\":[{\"@type\":\"WebPage\",\"@id\":\"https:\\\/\\\/www.maisonmr.com\\\/es\\\/consequences-de-la-violence-chez-les-femmes-et-les-enfants\\\/\",\"url\":\"https:\\\/\\\/www.maisonmr.com\\\/es\\\/consequences-de-la-violence-chez-les-femmes-et-les-enfants\\\/\",\"name\":\"Consecuencias de la violencia para las mujeres y los ni\u00f1os - Maison Marie-Rollet\",\"isPartOf\":{\"@id\":\"https:\\\/\\\/www.maisonmr.com\\\/es\\\/#website\"},\"datePublished\":\"2021-12-18T00:11:52+00:00\",\"dateModified\":\"2022-04-22T01:56:03+00:00\",\"description\":\"La Maison Marie-Rollet est un centre d\u2019h\u00e9bergement pour les femmes violent\u00e9es ainsi que pour les enfants dont elles ont la garde.\",\"breadcrumb\":{\"@id\":\"https:\\\/\\\/www.maisonmr.com\\\/es\\\/consequences-de-la-violence-chez-les-femmes-et-les-enfants\\\/#breadcrumb\"},\"inLanguage\":\"es\",\"potentialAction\":[{\"@type\":\"ReadAction\",\"target\":[\"https:\\\/\\\/www.maisonmr.com\\\/es\\\/consequences-de-la-violence-chez-les-femmes-et-les-enfants\\\/\"]}]},{\"@type\":\"BreadcrumbList\",\"@id\":\"https:\\\/\\\/www.maisonmr.com\\\/es\\\/consequences-de-la-violence-chez-les-femmes-et-les-enfants\\\/#breadcrumb\",\"itemListElement\":[{\"@type\":\"ListItem\",\"position\":1,\"name\":\"Accueil\",\"item\":\"https:\\\/\\\/www.maisonmr.com\\\/es\\\/\"},{\"@type\":\"ListItem\",\"position\":2,\"name\":\"Consecuencias de la violencia para las mujeres y los ni\u00f1os\"}]},{\"@type\":\"WebSite\",\"@id\":\"https:\\\/\\\/www.maisonmr.com\\\/es\\\/#website\",\"url\":\"https:\\\/\\\/www.maisonmr.com\\\/es\\\/\",\"name\":\"Maison Marie-Rollet\",\"description\":\"Une solution globale pour les femmes victimes de violence\",\"publisher\":{\"@id\":\"https:\\\/\\\/www.maisonmr.com\\\/es\\\/#organization\"},\"potentialAction\":[{\"@type\":\"SearchAction\",\"target\":{\"@type\":\"EntryPoint\",\"urlTemplate\":\"https:\\\/\\\/www.maisonmr.com\\\/es\\\/?s={search_term_string}\"},\"query-input\":{\"@type\":\"PropertyValueSpecification\",\"valueRequired\":true,\"valueName\":\"search_term_string\"}}],\"inLanguage\":\"es\"},{\"@type\":\"Organization\",\"@id\":\"https:\\\/\\\/www.maisonmr.com\\\/es\\\/#organization\",\"name\":\"Maison Marie-Rollet\",\"url\":\"https:\\\/\\\/www.maisonmr.com\\\/es\\\/\",\"logo\":{\"@type\":\"ImageObject\",\"inLanguage\":\"es\",\"@id\":\"https:\\\/\\\/www.maisonmr.com\\\/es\\\/#\\\/schema\\\/logo\\\/image\\\/\",\"url\":\"https:\\\/\\\/www.maisonmr.com\\\/wp-content\\\/uploads\\\/2022\\\/01\\\/logo_full.png\",\"contentUrl\":\"https:\\\/\\\/www.maisonmr.com\\\/wp-content\\\/uploads\\\/2022\\\/01\\\/logo_full.png\",\"width\":467,\"height\":378,\"caption\":\"Maison Marie-Rollet\"},\"image\":{\"@id\":\"https:\\\/\\\/www.maisonmr.com\\\/es\\\/#\\\/schema\\\/logo\\\/image\\\/\"}}]}<\/script>\n<!-- \/ Yoast SEO plugin. -->","yoast_head_json":{"title":"Consecuencias de la violencia para las mujeres y los ni\u00f1os - Maison Marie-Rollet","description":"La Maison Marie-Rollet est un centre d\u2019h\u00e9bergement pour les femmes violent\u00e9es ainsi que pour les enfants dont elles ont la garde.","robots":{"index":"index","follow":"follow","max-snippet":"max-snippet:-1","max-image-preview":"max-image-preview:large","max-video-preview":"max-video-preview:-1"},"canonical":"https:\/\/www.maisonmr.com\/es\/consequences-de-la-violence-chez-les-femmes-et-les-enfants\/","og_locale":"es_ES","og_type":"article","og_title":"Consecuencias de la violencia para las mujeres y los ni\u00f1os - Maison Marie-Rollet","og_description":"La Maison Marie-Rollet est un centre d\u2019h\u00e9bergement pour les femmes violent\u00e9es ainsi que pour les enfants dont elles ont la garde.","og_url":"https:\/\/www.maisonmr.com\/es\/consequences-de-la-violence-chez-les-femmes-et-les-enfants\/","og_site_name":"Maison Marie-Rollet","article_modified_time":"2022-04-22T01:56:03+00:00","twitter_card":"summary_large_image","twitter_misc":{"Tiempo de lectura":"4 minutos"},"schema":{"@context":"https:\/\/schema.org","@graph":[{"@type":"WebPage","@id":"https:\/\/www.maisonmr.com\/es\/consequences-de-la-violence-chez-les-femmes-et-les-enfants\/","url":"https:\/\/www.maisonmr.com\/es\/consequences-de-la-violence-chez-les-femmes-et-les-enfants\/","name":"Consecuencias de la violencia para las mujeres y los ni\u00f1os - Maison Marie-Rollet","isPartOf":{"@id":"https:\/\/www.maisonmr.com\/es\/#website"},"datePublished":"2021-12-18T00:11:52+00:00","dateModified":"2022-04-22T01:56:03+00:00","description":"La Maison Marie-Rollet est un centre d\u2019h\u00e9bergement pour les femmes violent\u00e9es ainsi que pour les enfants dont elles ont la garde.","breadcrumb":{"@id":"https:\/\/www.maisonmr.com\/es\/consequences-de-la-violence-chez-les-femmes-et-les-enfants\/#breadcrumb"},"inLanguage":"es","potentialAction":[{"@type":"ReadAction","target":["https:\/\/www.maisonmr.com\/es\/consequences-de-la-violence-chez-les-femmes-et-les-enfants\/"]}]},{"@type":"BreadcrumbList","@id":"https:\/\/www.maisonmr.com\/es\/consequences-de-la-violence-chez-les-femmes-et-les-enfants\/#breadcrumb","itemListElement":[{"@type":"ListItem","position":1,"name":"Accueil","item":"https:\/\/www.maisonmr.com\/es\/"},{"@type":"ListItem","position":2,"name":"Consecuencias de la violencia para las mujeres y los ni\u00f1os"}]},{"@type":"WebSite","@id":"https:\/\/www.maisonmr.com\/es\/#website","url":"https:\/\/www.maisonmr.com\/es\/","name":"Maison Marie-Rollet","description":"Une solution globale pour les femmes victimes de violence","publisher":{"@id":"https:\/\/www.maisonmr.com\/es\/#organization"},"potentialAction":[{"@type":"SearchAction","target":{"@type":"EntryPoint","urlTemplate":"https:\/\/www.maisonmr.com\/es\/?s={search_term_string}"},"query-input":{"@type":"PropertyValueSpecification","valueRequired":true,"valueName":"search_term_string"}}],"inLanguage":"es"},{"@type":"Organization","@id":"https:\/\/www.maisonmr.com\/es\/#organization","name":"Maison Marie-Rollet","url":"https:\/\/www.maisonmr.com\/es\/","logo":{"@type":"ImageObject","inLanguage":"es","@id":"https:\/\/www.maisonmr.com\/es\/#\/schema\/logo\/image\/","url":"https:\/\/www.maisonmr.com\/wp-content\/uploads\/2022\/01\/logo_full.png","contentUrl":"https:\/\/www.maisonmr.com\/wp-content\/uploads\/2022\/01\/logo_full.png","width":467,"height":378,"caption":"Maison Marie-Rollet"},"image":{"@id":"https:\/\/www.maisonmr.com\/es\/#\/schema\/logo\/image\/"}}]}},"_links":{"self":[{"href":"https:\/\/www.maisonmr.com\/es\/wp-json\/wp\/v2\/pages\/2382","targetHints":{"allow":["GET"]}}],"collection":[{"href":"https:\/\/www.maisonmr.com\/es\/wp-json\/wp\/v2\/pages"}],"about":[{"href":"https:\/\/www.maisonmr.com\/es\/wp-json\/wp\/v2\/types\/page"}],"author":[{"embeddable":true,"href":"https:\/\/www.maisonmr.com\/es\/wp-json\/wp\/v2\/users\/1"}],"replies":[{"embeddable":true,"href":"https:\/\/www.maisonmr.com\/es\/wp-json\/wp\/v2\/comments?post=2382"}],"version-history":[{"count":10,"href":"https:\/\/www.maisonmr.com\/es\/wp-json\/wp\/v2\/pages\/2382\/revisions"}],"predecessor-version":[{"id":3066,"href":"https:\/\/www.maisonmr.com\/es\/wp-json\/wp\/v2\/pages\/2382\/revisions\/3066"}],"wp:attachment":[{"href":"https:\/\/www.maisonmr.com\/es\/wp-json\/wp\/v2\/media?parent=2382"}],"curies":[{"name":"wp","href":"https:\/\/api.w.org\/{rel}","templated":true}]}}